{"id":16300,"date":"2025-10-15T09:21:02","date_gmt":"2025-10-15T07:21:02","guid":{"rendered":"https:\/\/www.moelan-a-vent.fr\/?page_id=16300"},"modified":"2025-11-05T09:31:43","modified_gmt":"2025-11-05T08:31:43","slug":"2025-2","status":"publish","type":"page","link":"https:\/\/www.moelan-a-vent.fr\/?page_id=16300","title":{"rendered":"2025"},"content":{"rendered":"\n\n\n<div class=\"alignnormal\"><div id=\"metaslider-id-16320\" style=\"width: 100%;\" class=\"ml-slider-3-108-0 metaslider metaslider-flex metaslider-16320 ml-slider has-dots-nav ms-theme-default-base\" role=\"region\" aria-label=\"2025\" data-height=\"300\" data-width=\"700\">\n    <div id=\"metaslider_container_16320\">\n        <div id=\"metaslider_16320\">\n            <ul aria-live='off' class='slides'>\n                <li style=\"display: block; width: 100%;\" class=\"slide-16336 ms-image \" aria-roledescription=\"slide\" data-date=\"2025-10-15 20:35:55\" data-filename=\"Rencontre-diato.jpg\" data-slide-type=\"image\"><img loading=\"lazy\" decoding=\"async\" src=\"https:\/\/www.moelan-a-vent.fr\/wp-content\/uploads\/2025\/10\/Rencontre-diato.jpg\" height=\"300\" width=\"700\" alt=\"Rencontre diatonique\" class=\"slider-16320 slide-16336 msDefaultImage\" title=\"Rencontre-diato\" \/><div class=\"caption-wrap\"><div class=\"caption\"><div>Rencontre diatoniste \u00e0 la MLC<\/div> <div>8 mars<\/div><\/div><\/div><\/li>\n                <li style=\"display: none; width: 100%;\" class=\"slide-16329 ms-image \" aria-roledescription=\"slide\" data-date=\"2025-10-15 20:23:19\" data-filename=\"Fest-noz.jpg\" data-slide-type=\"image\"><img loading=\"lazy\" decoding=\"async\" src=\"https:\/\/www.moelan-a-vent.fr\/wp-content\/uploads\/2025\/10\/Fest-noz.jpg\" height=\"300\" width=\"700\" alt=\"Fest-noz des Mo\u00eblan \u00e0 vent \u00e0 l&#039;Ellipse de Mo\u00eblan 2 mai\" class=\"slider-16320 slide-16329 msDefaultImage\" title=\"Fest-noz\" \/><div class=\"caption-wrap\"><div class=\"caption\"><div>Le Groupe Trad anime le fest-noz des Mo\u00eblan \u00e0 vent \u00e0 l'Ellipse de Mo\u00eblan<\/div> <div>2 mai<\/div><\/div><\/div><\/li>\n                <li style=\"display: none; width: 100%;\" class=\"slide-16324 ms-image \" aria-roledescription=\"slide\" data-date=\"2025-10-15 09:15:38\" data-filename=\"Belon.jpg\" data-slide-type=\"image\"><img loading=\"lazy\" decoding=\"async\" src=\"https:\/\/www.moelan-a-vent.fr\/wp-content\/uploads\/2025\/10\/Belon.jpg\" height=\"300\" width=\"700\" alt=\"\" class=\"slider-16320 slide-16324 msDefaultImage\" title=\"Belon\" \/><div class=\"caption-wrap\"><div class=\"caption\"><div>Inauguration de l'aire de car\u00e9nage au port du Belon 23 mai<\/div><\/div><\/div><\/li>\n                <li style=\"display: none; width: 100%;\" class=\"slide-16322 ms-image \" aria-roledescription=\"slide\" data-date=\"2025-10-15 09:13:02\" data-filename=\"Baye.jpg\" data-slide-type=\"image\"><img loading=\"lazy\" decoding=\"async\" src=\"https:\/\/www.moelan-a-vent.fr\/wp-content\/uploads\/2025\/10\/Baye.jpg\" height=\"300\" width=\"700\" alt=\"\" class=\"slider-16320 slide-16322 msDefaultImage\" title=\"Baye\" \/><div class=\"caption-wrap\"><div class=\"caption\"><div>Rencontre diatonique \u00e0 Baye<\/div> <div>11 juin<\/div><\/div><\/div><\/li>\n                <li style=\"display: none; width: 100%;\" class=\"slide-16337 ms-image \" aria-roledescription=\"slide\" data-date=\"2025-10-15 20:37:45\" data-filename=\"St-Philibert-1.jpg\" data-slide-type=\"image\"><img loading=\"lazy\" decoding=\"async\" src=\"https:\/\/www.moelan-a-vent.fr\/wp-content\/uploads\/2025\/10\/St-Philibert-1.jpg\" height=\"300\" width=\"700\" alt=\"F\u00eate de la musique\" class=\"slider-16320 slide-16337 msDefaultImage\" title=\"St Philibert 1\" \/><div class=\"caption-wrap\"><div class=\"caption\"><div>F\u00eate de la musique \u00e0 la Chapelle St Philibert<\/div> <div>21 juin<\/div><\/div><\/div><\/li>\n                <li style=\"display: none; width: 100%;\" class=\"slide-16338 ms-image \" aria-roledescription=\"slide\" data-date=\"2025-10-15 20:40:37\" data-filename=\"St-Philibert.jpg\" data-slide-type=\"image\"><img loading=\"lazy\" decoding=\"async\" src=\"https:\/\/www.moelan-a-vent.fr\/wp-content\/uploads\/2025\/10\/St-Philibert.jpg\" height=\"300\" width=\"700\" alt=\"F\u00eate de la musique\" class=\"slider-16320 slide-16338 msDefaultImage\" title=\"St Philibert\" \/><div class=\"caption-wrap\"><div class=\"caption\"><div> <div>F\u00eate de la musique \u00e0 la Chapelle St Philibert<\/div> <div>21 juin<\/div> <\/div><\/div><\/div><\/li>\n                <li style=\"display: none; width: 100%;\" class=\"slide-16332 ms-image \" aria-roledescription=\"slide\" data-date=\"2025-10-15 20:30:14\" data-filename=\"Marche-3.jpg\" data-slide-type=\"image\"><img loading=\"lazy\" decoding=\"async\" src=\"https:\/\/www.moelan-a-vent.fr\/wp-content\/uploads\/2025\/10\/Marche-3.jpg\" height=\"300\" width=\"700\" alt=\"Au march\u00e9\" class=\"slider-16320 slide-16332 msDefaultImage\" title=\"Marche 3\" \/><div class=\"caption-wrap\"><div class=\"caption\"><div>Au march\u00e9 de Mo\u00eblan en juillet<\/div><\/div><\/div><\/li>\n                <li style=\"display: none; width: 100%;\" class=\"slide-16333 ms-image \" aria-roledescription=\"slide\" data-date=\"2025-10-15 20:31:18\" data-filename=\"Marche-4.jpg\" data-slide-type=\"image\"><img loading=\"lazy\" decoding=\"async\" src=\"https:\/\/www.moelan-a-vent.fr\/wp-content\/uploads\/2025\/10\/Marche-4.jpg\" height=\"300\" width=\"700\" alt=\"Au march\u00e9\" class=\"slider-16320 slide-16333 msDefaultImage\" title=\"Marche 4\" \/><div class=\"caption-wrap\"><div class=\"caption\"><div>Au march\u00e9 de Mo\u00eblan en juillet<\/div><\/div><\/div><\/li>\n                <li style=\"display: none; width: 100%;\" class=\"slide-16334 ms-image \" aria-roledescription=\"slide\" data-date=\"2025-10-15 20:32:47\" data-filename=\"Marche-5.jpg\" data-slide-type=\"image\"><img loading=\"lazy\" decoding=\"async\" src=\"https:\/\/www.moelan-a-vent.fr\/wp-content\/uploads\/2025\/10\/Marche-5.jpg\" height=\"300\" width=\"700\" alt=\"Au march\u00e9 en ao\u00fbt\" class=\"slider-16320 slide-16334 msDefaultImage\" title=\"Marche 5\" \/><div class=\"caption-wrap\"><div class=\"caption\"><div>Au march\u00e9 en ao\u00fbt<\/div><\/div><\/div><\/li>\n                <li style=\"display: none; width: 100%;\" class=\"slide-16330 ms-image \" aria-roledescription=\"slide\" data-date=\"2025-10-15 20:25:07\" data-filename=\"Forum.jpg\" data-slide-type=\"image\"><img loading=\"lazy\" decoding=\"async\" src=\"https:\/\/www.moelan-a-vent.fr\/wp-content\/uploads\/2025\/10\/Forum.jpg\" height=\"300\" width=\"700\" alt=\"\" class=\"slider-16320 slide-16330 msDefaultImage\" title=\"Forum\" \/><div class=\"caption-wrap\"><div class=\"caption\"><div>Forum des associations\u00a0<\/div> <div>6 septembre<\/div><\/div><\/div><\/li>\n                <li style=\"display: none; width: 100%;\" class=\"slide-16339 ms-image \" aria-roledescription=\"slide\" data-date=\"2025-10-15 20:42:52\" data-filename=\"Virades.jpg\" data-slide-type=\"image\"><img loading=\"lazy\" decoding=\"async\" src=\"https:\/\/www.moelan-a-vent.fr\/wp-content\/uploads\/2025\/10\/Virades.jpg\" height=\"300\" width=\"700\" alt=\"Virades de l&#039;espoir\" class=\"slider-16320 slide-16339 msDefaultImage\" title=\"Virades\" \/><div class=\"caption-wrap\"><div class=\"caption\"><div>Virades de l'espoir au port du Belon<\/div> <div>28 septembre<\/div><\/div><\/div><\/li>\n                <li style=\"display: none; width: 100%;\" class=\"slide-16335 ms-image \" aria-roledescription=\"slide\" data-date=\"2025-10-15 20:34:28\" data-filename=\"MLC.jpg\" data-slide-type=\"image\"><img loading=\"lazy\" decoding=\"async\" src=\"https:\/\/www.moelan-a-vent.fr\/wp-content\/uploads\/2025\/10\/MLC.jpg\" height=\"300\" width=\"700\" alt=\"La rentr\u00e9e \u00e0 la MLC\" class=\"slider-16320 slide-16335 msDefaultImage\" title=\"MLC\" \/><div class=\"caption-wrap\"><div class=\"caption\"><div>La rentr\u00e9e \u00e0 la MLC\u00a0<\/div> <div>2 octobre<\/div><\/div><\/div><\/li>\n                <li style=\"display: none; width: 100%;\" class=\"slide-16323 ms-image \" aria-roledescription=\"slide\" data-date=\"2025-10-15 09:14:31\" data-filename=\"Belle-ile.jpg\" data-slide-type=\"image\"><img loading=\"lazy\" decoding=\"async\" src=\"https:\/\/www.moelan-a-vent.fr\/wp-content\/uploads\/2025\/10\/Belle-ile.jpg\" height=\"300\" width=\"700\" alt=\"\" class=\"slider-16320 slide-16323 msDefaultImage\" title=\"Belle-ile\" \/><div class=\"caption-wrap\"><div class=\"caption\"><div>Belle-\u00cele<\/div> <div>9 octobre<\/div><\/div><\/div><\/li>\n                <li style=\"display: none; width: 100%;\" class=\"slide-17048 ms-image \" aria-roledescription=\"slide\" data-date=\"2025-12-12 17:54:17\" data-filename=\"Telethon.jpg\" data-slide-type=\"image\"><img loading=\"lazy\" decoding=\"async\" src=\"https:\/\/www.moelan-a-vent.fr\/wp-content\/uploads\/2025\/12\/Telethon.jpg\" height=\"300\" width=\"700\" alt=\"Le Groupe Trad anime le fest-noz du T\u00e9l\u00e9thon \u00e0 l&#039;Ellipse de Mo\u00eblan\" class=\"slider-16320 slide-17048 msDefaultImage\" title=\"T\u00e9l\u00e9thon\" \/><div class=\"caption-wrap\"><div class=\"caption\"><div>Le Groupe Trad anime le fest-noz du T\u00e9l\u00e9thon \u00e0 l'Ellipse de Mo\u00eblan<\/div> <div>5 d\u00e9cembre<\/div><\/div><\/div><\/li>\n            <\/ul>\n        <\/div>\n        \n    <\/div>\n<\/div><\/div>\n","protected":false},"excerpt":{"rendered":"","protected":false},"author":11,"featured_media":16387,"parent":139,"menu_order":4,"comment_status":"closed","ping_status":"closed","template":"","meta":{"ngg_post_thumbnail":0,"footnotes":""},"class_list":["post-16300","page","type-page","status-publish","has-post-thumbnail","hentry"],"_links":{"self":[{"href":"https:\/\/www.moelan-a-vent.fr\/index.php?rest_route=\/wp\/v2\/pages\/16300","targetHints":{"allow":["GET"]}}],"collection":[{"href":"https:\/\/www.moelan-a-vent.fr\/index.php?rest_route=\/wp\/v2\/pages"}],"about":[{"href":"https:\/\/www.moelan-a-vent.fr\/index.php?rest_route=\/wp\/v2\/types\/page"}],"author":[{"embeddable":true,"href":"https:\/\/www.moelan-a-vent.fr\/index.php?rest_route=\/wp\/v2\/users\/11"}],"replies":[{"embeddable":true,"href":"https:\/\/www.moelan-a-vent.fr\/index.php?rest_route=%2Fwp%2Fv2%2Fcomments&post=16300"}],"version-history":[{"count":2,"href":"https:\/\/www.moelan-a-vent.fr\/index.php?rest_route=\/wp\/v2\/pages\/16300\/revisions"}],"predecessor-version":[{"id":16328,"href":"https:\/\/www.moelan-a-vent.fr\/index.php?rest_route=\/wp\/v2\/pages\/16300\/revisions\/16328"}],"up":[{"embeddable":true,"href":"https:\/\/www.moelan-a-vent.fr\/index.php?rest_route=\/wp\/v2\/pages\/139"}],"wp:featuredmedia":[{"embeddable":true,"href":"https:\/\/www.moelan-a-vent.fr\/index.php?rest_route=\/wp\/v2\/media\/16387"}],"wp:attachment":[{"href":"https:\/\/www.moelan-a-vent.fr\/index.php?rest_route=%2Fwp%2Fv2%2Fmedia&parent=16300"}],"curies":[{"name":"wp","href":"https:\/\/api.w.org\/{rel}","templated":true}]}}